{"id":9085,"date":"2026-04-08T23:56:10","date_gmt":"2026-04-08T20:56:10","guid":{"rendered":"https:\/\/minupidu.ee\/kuulutuse\/-\/-\/alex-brjalin-pulmavideograaf\/"},"modified":"2026-04-08T23:56:29","modified_gmt":"2026-04-08T20:56:29","slug":"alex-brjalin-pulmavideograaf","status":"publish","type":"listing","link":"https:\/\/minupidu.ee\/et\/kuulutuse\/foto-ja-video\/fotograafid\/tallinn\/alex-brjalin-pulmavideograaf\/","title":{"rendered":"Alex Brjalin \u2013 Pulmavideograaf"},"content":{"rendered":"<p>Kui valite mind oma pulmavideograafiks, j\u00e4\u00e4dvustan teie pulmap\u00e4eva emotsioonid, hetked ja ilu professionaalse ning liigutava videona. Teenus h\u00f5lmab kogu p\u00e4eva j\u00e4\u00e4dvustamist, kinokvaliteediga videot, tempokat montaa\u017ei ning muretut kogemust. Pakun ka tasuta muudatuste ringi ja lisateenuseid nagu sotsiaalmeedia klipp, k\u00fclalisteraamatu video ja eris\u00fcndmuste j\u00e4\u00e4dvustamine. Broneerige kuup\u00e4ev ja loome koos igavese m\u00e4lestuse.<\/p>\n<p>\u0415\u0441\u043b\u0438 \u0432\u044b \u0432\u044b\u0431\u0435\u0440\u0435\u0442\u0435 \u043c\u0435\u043d\u044f \u0432 \u043a\u0430\u0447\u0435\u0441\u0442\u0432\u0435 \u0432\u0438\u0434\u0435\u043e\u0433\u0440\u0430\u0444\u0430 \u043d\u0430 \u0441\u0432\u0430\u0434\u044c\u0431\u0443, \u044f \u0437\u0430\u043f\u0435\u0447\u0430\u0442\u043b\u0435\u044e \u044d\u043c\u043e\u0446\u0438\u0438, \u043c\u043e\u043c\u0435\u043d\u0442\u044b \u0438 \u043a\u0440\u0430\u0441\u043e\u0442\u0443 \u0432\u0430\u0448\u0435\u0433\u043e \u0432\u0430\u0436\u043d\u043e\u0433\u043e \u0434\u043d\u044f \u0432 \u043f\u0440\u043e\u0444\u0435\u0441\u0441\u0438\u043e\u043d\u0430\u043b\u044c\u043d\u043e\u043c \u0438 \u0442\u0440\u043e\u0433\u0430\u0442\u0435\u043b\u044c\u043d\u043e\u043c \u0432\u0438\u0434\u0435\u043e. \u0423\u0441\u043b\u0443\u0433\u0430 \u0432\u043a\u043b\u044e\u0447\u0430\u0435\u0442 \u0441\u044a\u0435\u043c\u043a\u0443 \u0432\u0441\u0435\u0433\u043e \u0434\u043d\u044f, \u0432\u0438\u0434\u0435\u043e \u043a\u0438\u043d\u043e\u0448\u043d\u043e\u0433\u043e \u043a\u0430\u0447\u0435\u0441\u0442\u0432\u0430, \u0434\u0438\u043d\u0430\u043c\u0438\u0447\u043d\u044b\u0439 \u043c\u043e\u043d\u0442\u0430\u0436 \u0438 \u0431\u0435\u0437\u0437\u0430\u0431\u043e\u0442\u043d\u044b\u0439 \u043e\u043f\u044b\u0442. \u041f\u0440\u0435\u0434\u043b\u0430\u0433\u0430\u044e \u0431\u0435\u0441\u043f\u043b\u0430\u0442\u043d\u044b\u0439 \u0440\u0430\u0443\u043d\u0434 \u043f\u0440\u0430\u0432\u043e\u043a \u0438 \u0434\u043e\u043f\u043e\u043b\u043d\u0438\u0442\u0435\u043b\u044c\u043d\u044b\u0435 \u0443\u0441\u043b\u0443\u0433\u0438, \u0442\u0430\u043a\u0438\u0435 \u043a\u0430\u043a \u043a\u043b\u0438\u043f \u0434\u043b\u044f \u0441\u043e\u0446\u0441\u0435\u0442\u0435\u0439, \u0432\u0438\u0434\u0435\u043e \u0433\u043e\u0441\u0442\u0435\u0432\u043e\u0439 \u043a\u043d\u0438\u0433\u0438 \u0438 \u0441\u044a\u0435\u043c\u043a\u0430 \u043e\u0441\u043e\u0431\u044b\u0445 \u0441\u043e\u0431\u044b\u0442\u0438\u0439. \u0417\u0430\u0431\u0440\u043e\u043d\u0438\u0440\u0443\u0439\u0442\u0435 \u0434\u0430\u0442\u0443 \u0438 \u0441\u043e\u0437\u0434\u0430\u0434\u0438\u043c \u0432\u043c\u0435\u0441\u0442\u0435 \u0432\u0435\u0447\u043d\u043e\u0435 \u0432\u043e\u0441\u043f\u043e\u043c\u0438\u043d\u0430\u043d\u0438\u0435.<\/p>\n<p>Choosing me as your wedding videographer means capturing the emotions, moments, and beauty of your special day in a professional and moving video. The service includes full-day coverage, cinema-quality footage, dynamic editing, and a hassle-free experience. I offer one free revision round and additional services like social media clips, guestbook videos, and special event recordings. Book your date today and let&#8217;s create a lasting memory together.<\/p>","protected":false},"author":1,"featured_media":8824,"comment_status":"open","ping_status":"closed","template":"","meta":[],"listing_category":[137],"event_category":[],"service_category":[],"rental_category":[],"classifieds_category":[],"listing_feature":[],"region":[257],"class_list":["post-9085","listing","type-listing","status-publish","has-post-thumbnail","hentry","listing_category-fotografy","region-tallinn"],"_links":{"self":[{"href":"https:\/\/minupidu.ee\/et\/wp-json\/wp\/v2\/listing\/9085","targetHints":{"allow":["GET"]}}],"collection":[{"href":"https:\/\/minupidu.ee\/et\/wp-json\/wp\/v2\/listing"}],"about":[{"href":"https:\/\/minupidu.ee\/et\/wp-json\/wp\/v2\/types\/listing"}],"author":[{"embeddable":true,"href":"https:\/\/minupidu.ee\/et\/wp-json\/wp\/v2\/users\/1"}],"replies":[{"embeddable":true,"href":"https:\/\/minupidu.ee\/et\/wp-json\/wp\/v2\/comments?post=9085"}],"wp:featuredmedia":[{"embeddable":true,"href":"https:\/\/minupidu.ee\/et\/wp-json\/wp\/v2\/media\/8824"}],"wp:attachment":[{"href":"https:\/\/minupidu.ee\/et\/wp-json\/wp\/v2\/media?parent=9085"}],"wp:term":[{"taxonomy":"listing_category","embeddable":true,"href":"https:\/\/minupidu.ee\/et\/wp-json\/wp\/v2\/listing_category?post=9085"},{"taxonomy":"event_category","embeddable":true,"href":"https:\/\/minupidu.ee\/et\/wp-json\/wp\/v2\/event_category?post=9085"},{"taxonomy":"service_category","embeddable":true,"href":"https:\/\/minupidu.ee\/et\/wp-json\/wp\/v2\/service_category?post=9085"},{"taxonomy":"rental_category","embeddable":true,"href":"https:\/\/minupidu.ee\/et\/wp-json\/wp\/v2\/rental_category?post=9085"},{"taxonomy":"classifieds_category","embeddable":true,"href":"https:\/\/minupidu.ee\/et\/wp-json\/wp\/v2\/classifieds_category?post=9085"},{"taxonomy":"listing_feature","embeddable":true,"href":"https:\/\/minupidu.ee\/et\/wp-json\/wp\/v2\/listing_feature?post=9085"},{"taxonomy":"region","embeddable":true,"href":"https:\/\/minupidu.ee\/et\/wp-json\/wp\/v2\/region?post=9085"}],"curies":[{"name":"wp","href":"https:\/\/api.w.org\/{rel}","templated":true}]}}